{"id":32,"date":"2022-07-26T22:28:44","date_gmt":"2022-07-26T20:28:44","guid":{"rendered":"https:\/\/gitemontsaintmichel.fr\/?page_id=32"},"modified":"2026-02-19T19:12:30","modified_gmt":"2026-02-19T17:12:30","slug":"accueil","status":"publish","type":"page","link":"https:\/\/gitemontsaintmichel.fr\/","title":{"rendered":"Accueil"},"content":{"rendered":"\n<div class=\"wp-block-group alignfull has-background-color has-foreground-background-color has-text-color has-background\"><div class=\"wp-block-group__inner-container is-layout-flow wp-block-group-is-layout-flow\">\n<div class=\"wp-block-columns alignwide is-layout-flex wp-container-core-columns-is-layout-9d6595d7 wp-block-columns-is-layout-flex\">\n<div class=\"wp-block-column is-layout-flow wp-block-column-is-layout-flow\" style=\"flex-basis:66.66%\">\n<div class=\"wp-block-jetpack-slideshow aligncenter\" data-effect=\"slide\"><div class=\"wp-block-jetpack-slideshow_container swiper-container\"><ul class=\"wp-block-jetpack-slideshow_swiper-wrapper swiper-wrapper\"><li class=\"wp-block-jetpack-slideshow_slide swiper-slide\"><figure><img loading=\"lazy\" decoding=\"async\" width=\"2560\" height=\"1920\" alt=\"Gites les Hortensias, maison en pierre ancienne, terrasse ensoleill\u00e9e, fleurs\" class=\"wp-block-jetpack-slideshow_image wp-image-4903\" data-id=\"4903\" src=\"https:\/\/gitemontsaintmichel.fr\/wp-content\/uploads\/2026\/02\/32-terrasse-IMG_8393-scaled.jpg\" srcset=\"https:\/\/gitemontsaintmichel.fr\/wp-content\/uploads\/2026\/02\/32-terrasse-IMG_8393-scaled.jpg 2560w, https:\/\/gitemontsaintmichel.fr\/wp-content\/uploads\/2026\/02\/32-terrasse-IMG_8393-300x225.jpg 300w, https:\/\/gitemontsaintmichel.fr\/wp-content\/uploads\/2026\/02\/32-terrasse-IMG_8393-1024x768.jpg 1024w, https:\/\/gitemontsaintmichel.fr\/wp-content\/uploads\/2026\/02\/32-terrasse-IMG_8393-768x576.jpg 768w, https:\/\/gitemontsaintmichel.fr\/wp-content\/uploads\/2026\/02\/32-terrasse-IMG_8393-1536x1152.jpg 1536w, https:\/\/gitemontsaintmichel.fr\/wp-content\/uploads\/2026\/02\/32-terrasse-IMG_8393-2048x1536.jpg 2048w, https:\/\/gitemontsaintmichel.fr\/wp-content\/uploads\/2026\/02\/32-terrasse-IMG_8393-1568x1176.jpg 1568w\" sizes=\"auto, (max-width: 2560px) 100vw, 2560px\" \/><figcaption class=\"wp-block-jetpack-slideshow_caption gallery-caption\">Gites les Hortensias<\/figcaption><\/figure><\/li><li class=\"wp-block-jetpack-slideshow_slide swiper-slide\"><figure><img loading=\"lazy\" decoding=\"async\" width=\"1024\" height=\"768\" alt=\"Salon lumineux et confortable\" class=\"wp-block-jetpack-slideshow_image wp-image-1382\" data-id=\"1382\" src=\"https:\/\/gitemontsaintmichel.fr\/wp-content\/uploads\/2023\/10\/2-salon-6.jpg\" srcset=\"https:\/\/gitemontsaintmichel.fr\/wp-content\/uploads\/2023\/10\/2-salon-6.jpg 1024w, https:\/\/gitemontsaintmichel.fr\/wp-content\/uploads\/2023\/10\/2-salon-6-300x225.jpg 300w, https:\/\/gitemontsaintmichel.fr\/wp-content\/uploads\/2023\/10\/2-salon-6-768x576.jpg 768w\" sizes=\"auto, (max-width: 1024px) 100vw, 1024px\" \/><figcaption class=\"wp-block-jetpack-slideshow_caption gallery-caption\">Salon lumineux et confortable<\/figcaption><\/figure><\/li><li class=\"wp-block-jetpack-slideshow_slide swiper-slide\"><figure><img loading=\"lazy\" decoding=\"async\" width=\"2560\" height=\"1920\" alt=\"Espace salle \u00e0 manger\" class=\"wp-block-jetpack-slideshow_image wp-image-4889\" data-id=\"4889\" src=\"https:\/\/gitemontsaintmichel.fr\/wp-content\/uploads\/2026\/02\/29-salIe-a-manger-scaled.jpg\" srcset=\"https:\/\/gitemontsaintmichel.fr\/wp-content\/uploads\/2026\/02\/29-salIe-a-manger-scaled.jpg 2560w, https:\/\/gitemontsaintmichel.fr\/wp-content\/uploads\/2026\/02\/29-salIe-a-manger-300x225.jpg 300w, https:\/\/gitemontsaintmichel.fr\/wp-content\/uploads\/2026\/02\/29-salIe-a-manger-1024x768.jpg 1024w, https:\/\/gitemontsaintmichel.fr\/wp-content\/uploads\/2026\/02\/29-salIe-a-manger-768x576.jpg 768w, https:\/\/gitemontsaintmichel.fr\/wp-content\/uploads\/2026\/02\/29-salIe-a-manger-1536x1152.jpg 1536w, https:\/\/gitemontsaintmichel.fr\/wp-content\/uploads\/2026\/02\/29-salIe-a-manger-2048x1536.jpg 2048w, https:\/\/gitemontsaintmichel.fr\/wp-content\/uploads\/2026\/02\/29-salIe-a-manger-1568x1176.jpg 1568w\" sizes=\"auto, (max-width: 2560px) 100vw, 2560px\" \/><figcaption class=\"wp-block-jetpack-slideshow_caption gallery-caption\">Espace salle \u00e0 manger<\/figcaption><\/figure><\/li><li class=\"wp-block-jetpack-slideshow_slide swiper-slide\"><figure><img loading=\"lazy\" decoding=\"async\" width=\"2560\" height=\"1920\" alt=\"Cuisine\" class=\"wp-block-jetpack-slideshow_image wp-image-4888\" data-id=\"4888\" src=\"https:\/\/gitemontsaintmichel.fr\/wp-content\/uploads\/2026\/02\/28-cuisine-scaled.jpg\" srcset=\"https:\/\/gitemontsaintmichel.fr\/wp-content\/uploads\/2026\/02\/28-cuisine-scaled.jpg 2560w, https:\/\/gitemontsaintmichel.fr\/wp-content\/uploads\/2026\/02\/28-cuisine-300x225.jpg 300w, https:\/\/gitemontsaintmichel.fr\/wp-content\/uploads\/2026\/02\/28-cuisine-1024x768.jpg 1024w, https:\/\/gitemontsaintmichel.fr\/wp-content\/uploads\/2026\/02\/28-cuisine-768x576.jpg 768w, https:\/\/gitemontsaintmichel.fr\/wp-content\/uploads\/2026\/02\/28-cuisine-1536x1152.jpg 1536w, https:\/\/gitemontsaintmichel.fr\/wp-content\/uploads\/2026\/02\/28-cuisine-2048x1536.jpg 2048w, https:\/\/gitemontsaintmichel.fr\/wp-content\/uploads\/2026\/02\/28-cuisine-1568x1176.jpg 1568w\" sizes=\"auto, (max-width: 2560px) 100vw, 2560px\" \/><figcaption class=\"wp-block-jetpack-slideshow_caption gallery-caption\">Cuisine<\/figcaption><\/figure><\/li><li class=\"wp-block-jetpack-slideshow_slide swiper-slide\"><figure><img loading=\"lazy\" decoding=\"async\" width=\"2560\" height=\"1920\" alt=\"Salle de bain du rdc avec baignoire\" class=\"wp-block-jetpack-slideshow_image wp-image-4897\" data-id=\"4897\" src=\"https:\/\/gitemontsaintmichel.fr\/wp-content\/uploads\/2026\/02\/31-salle-de-bain-du-bas-IMG_0455-scaled.jpg\" srcset=\"https:\/\/gitemontsaintmichel.fr\/wp-content\/uploads\/2026\/02\/31-salle-de-bain-du-bas-IMG_0455-scaled.jpg 2560w, https:\/\/gitemontsaintmichel.fr\/wp-content\/uploads\/2026\/02\/31-salle-de-bain-du-bas-IMG_0455-300x225.jpg 300w, https:\/\/gitemontsaintmichel.fr\/wp-content\/uploads\/2026\/02\/31-salle-de-bain-du-bas-IMG_0455-1024x768.jpg 1024w, https:\/\/gitemontsaintmichel.fr\/wp-content\/uploads\/2026\/02\/31-salle-de-bain-du-bas-IMG_0455-768x576.jpg 768w, https:\/\/gitemontsaintmichel.fr\/wp-content\/uploads\/2026\/02\/31-salle-de-bain-du-bas-IMG_0455-1536x1152.jpg 1536w, https:\/\/gitemontsaintmichel.fr\/wp-content\/uploads\/2026\/02\/31-salle-de-bain-du-bas-IMG_0455-2048x1536.jpg 2048w, https:\/\/gitemontsaintmichel.fr\/wp-content\/uploads\/2026\/02\/31-salle-de-bain-du-bas-IMG_0455-1568x1176.jpg 1568w\" sizes=\"auto, (max-width: 2560px) 100vw, 2560px\" \/><figcaption class=\"wp-block-jetpack-slideshow_caption gallery-caption\">Salle de bain du rdc avec baignoire<\/figcaption><\/figure><\/li><li class=\"wp-block-jetpack-slideshow_slide swiper-slide\"><figure><img loading=\"lazy\" decoding=\"async\" width=\"1200\" height=\"1600\" alt=\"Escalier\" class=\"wp-block-jetpack-slideshow_image wp-image-104\" data-id=\"104\" src=\"https:\/\/gitemontsaintmichel.fr\/wp-content\/uploads\/2022\/07\/escalier.jpeg\" srcset=\"https:\/\/gitemontsaintmichel.fr\/wp-content\/uploads\/2022\/07\/escalier.jpeg 1200w, https:\/\/gitemontsaintmichel.fr\/wp-content\/uploads\/2022\/07\/escalier-225x300.jpeg 225w, https:\/\/gitemontsaintmichel.fr\/wp-content\/uploads\/2022\/07\/escalier-768x1024.jpeg 768w, https:\/\/gitemontsaintmichel.fr\/wp-content\/uploads\/2022\/07\/escalier-1152x1536.jpeg 1152w\" sizes=\"auto, (max-width: 1200px) 100vw, 1200px\" \/><figcaption class=\"wp-block-jetpack-slideshow_caption gallery-caption\">Escalier acc\u00e8s \u00e9tage<\/figcaption><\/figure><\/li><li class=\"wp-block-jetpack-slideshow_slide swiper-slide\"><figure><img loading=\"lazy\" decoding=\"async\" width=\"768\" height=\"1024\" alt=\"Salle d'eau 1er \u00e9tage\" class=\"wp-block-jetpack-slideshow_image wp-image-1384\" data-id=\"1384\" src=\"https:\/\/gitemontsaintmichel.fr\/wp-content\/uploads\/2023\/10\/10-salle-deau-1er-etage.jpg\" srcset=\"https:\/\/gitemontsaintmichel.fr\/wp-content\/uploads\/2023\/10\/10-salle-deau-1er-etage.jpg 768w, https:\/\/gitemontsaintmichel.fr\/wp-content\/uploads\/2023\/10\/10-salle-deau-1er-etage-225x300.jpg 225w\" sizes=\"auto, (max-width: 768px) 100vw, 768px\" \/><figcaption class=\"wp-block-jetpack-slideshow_caption gallery-caption\">Salle d&rsquo;eau 1er \u00e9tage<\/figcaption><\/figure><\/li><li class=\"wp-block-jetpack-slideshow_slide swiper-slide\"><figure><img loading=\"lazy\" decoding=\"async\" width=\"2560\" height=\"1920\" alt=\"Chambre bleue avec un lit double 160 X 200 (2 lits de 80 X 200)\" class=\"wp-block-jetpack-slideshow_image wp-image-4887\" data-id=\"4887\" src=\"https:\/\/gitemontsaintmichel.fr\/wp-content\/uploads\/2026\/02\/27-chambre-bleue-scaled.jpg\" srcset=\"https:\/\/gitemontsaintmichel.fr\/wp-content\/uploads\/2026\/02\/27-chambre-bleue-scaled.jpg 2560w, https:\/\/gitemontsaintmichel.fr\/wp-content\/uploads\/2026\/02\/27-chambre-bleue-300x225.jpg 300w, https:\/\/gitemontsaintmichel.fr\/wp-content\/uploads\/2026\/02\/27-chambre-bleue-1024x768.jpg 1024w, https:\/\/gitemontsaintmichel.fr\/wp-content\/uploads\/2026\/02\/27-chambre-bleue-768x576.jpg 768w, https:\/\/gitemontsaintmichel.fr\/wp-content\/uploads\/2026\/02\/27-chambre-bleue-1536x1152.jpg 1536w, https:\/\/gitemontsaintmichel.fr\/wp-content\/uploads\/2026\/02\/27-chambre-bleue-2048x1536.jpg 2048w, https:\/\/gitemontsaintmichel.fr\/wp-content\/uploads\/2026\/02\/27-chambre-bleue-1568x1176.jpg 1568w\" sizes=\"auto, (max-width: 2560px) 100vw, 2560px\" \/><figcaption class=\"wp-block-jetpack-slideshow_caption gallery-caption\">Chambre bleue avec un lit double 160 X 200 (2 lits de 80 X 200)<\/figcaption><\/figure><\/li><li class=\"wp-block-jetpack-slideshow_slide swiper-slide\"><figure><img loading=\"lazy\" decoding=\"async\" width=\"2560\" height=\"1920\" alt=\"Chambre bleue avec un lit double 160 X 200 (2 fois 80 X 200)\" class=\"wp-block-jetpack-slideshow_image wp-image-4896\" data-id=\"4896\" src=\"https:\/\/gitemontsaintmichel.fr\/wp-content\/uploads\/2026\/02\/26-chambre-bleue-deux-lits-IMG_2222-scaled.jpg\" srcset=\"https:\/\/gitemontsaintmichel.fr\/wp-content\/uploads\/2026\/02\/26-chambre-bleue-deux-lits-IMG_2222-scaled.jpg 2560w, https:\/\/gitemontsaintmichel.fr\/wp-content\/uploads\/2026\/02\/26-chambre-bleue-deux-lits-IMG_2222-300x225.jpg 300w, https:\/\/gitemontsaintmichel.fr\/wp-content\/uploads\/2026\/02\/26-chambre-bleue-deux-lits-IMG_2222-1024x768.jpg 1024w, https:\/\/gitemontsaintmichel.fr\/wp-content\/uploads\/2026\/02\/26-chambre-bleue-deux-lits-IMG_2222-768x576.jpg 768w, https:\/\/gitemontsaintmichel.fr\/wp-content\/uploads\/2026\/02\/26-chambre-bleue-deux-lits-IMG_2222-1536x1152.jpg 1536w, https:\/\/gitemontsaintmichel.fr\/wp-content\/uploads\/2026\/02\/26-chambre-bleue-deux-lits-IMG_2222-2048x1536.jpg 2048w, https:\/\/gitemontsaintmichel.fr\/wp-content\/uploads\/2026\/02\/26-chambre-bleue-deux-lits-IMG_2222-1568x1176.jpg 1568w\" sizes=\"auto, (max-width: 2560px) 100vw, 2560px\" \/><figcaption class=\"wp-block-jetpack-slideshow_caption gallery-caption\">Chambre bleue avec un lit double 160 X 200 (2 fois 80 X 200)<\/figcaption><\/figure><\/li><li class=\"wp-block-jetpack-slideshow_slide swiper-slide\"><figure><img loading=\"lazy\" decoding=\"async\" width=\"1600\" height=\"1200\" alt=\"Chambre orange avec un lit double 140 x 190\" class=\"wp-block-jetpack-slideshow_image wp-image-4892\" data-id=\"4892\" src=\"https:\/\/gitemontsaintmichel.fr\/wp-content\/uploads\/2026\/02\/22-chambre-orange-UTQS8289.jpg\" srcset=\"https:\/\/gitemontsaintmichel.fr\/wp-content\/uploads\/2026\/02\/22-chambre-orange-UTQS8289.jpg 1600w, https:\/\/gitemontsaintmichel.fr\/wp-content\/uploads\/2026\/02\/22-chambre-orange-UTQS8289-300x225.jpg 300w, https:\/\/gitemontsaintmichel.fr\/wp-content\/uploads\/2026\/02\/22-chambre-orange-UTQS8289-1024x768.jpg 1024w, https:\/\/gitemontsaintmichel.fr\/wp-content\/uploads\/2026\/02\/22-chambre-orange-UTQS8289-768x576.jpg 768w, https:\/\/gitemontsaintmichel.fr\/wp-content\/uploads\/2026\/02\/22-chambre-orange-UTQS8289-1536x1152.jpg 1536w, https:\/\/gitemontsaintmichel.fr\/wp-content\/uploads\/2026\/02\/22-chambre-orange-UTQS8289-1568x1176.jpg 1568w\" sizes=\"auto, (max-width: 1600px) 100vw, 1600px\" \/><figcaption class=\"wp-block-jetpack-slideshow_caption gallery-caption\">Chambre orange avec un lit double 140 x 190<\/figcaption><\/figure><\/li><li class=\"wp-block-jetpack-slideshow_slide swiper-slide\"><figure><img loading=\"lazy\" decoding=\"async\" width=\"2560\" height=\"1920\" alt=\"Chambre verte avec un lit double 160 X 200 (2 lits de 80 X 200)\" class=\"wp-block-jetpack-slideshow_image wp-image-4890\" data-id=\"4890\" src=\"https:\/\/gitemontsaintmichel.fr\/wp-content\/uploads\/2026\/02\/30-chambre-verte-un-grand-lit-scaled.jpg\" srcset=\"https:\/\/gitemontsaintmichel.fr\/wp-content\/uploads\/2026\/02\/30-chambre-verte-un-grand-lit-scaled.jpg 2560w, https:\/\/gitemontsaintmichel.fr\/wp-content\/uploads\/2026\/02\/30-chambre-verte-un-grand-lit-300x225.jpg 300w, https:\/\/gitemontsaintmichel.fr\/wp-content\/uploads\/2026\/02\/30-chambre-verte-un-grand-lit-1024x768.jpg 1024w, https:\/\/gitemontsaintmichel.fr\/wp-content\/uploads\/2026\/02\/30-chambre-verte-un-grand-lit-768x576.jpg 768w, https:\/\/gitemontsaintmichel.fr\/wp-content\/uploads\/2026\/02\/30-chambre-verte-un-grand-lit-1536x1152.jpg 1536w, https:\/\/gitemontsaintmichel.fr\/wp-content\/uploads\/2026\/02\/30-chambre-verte-un-grand-lit-2048x1536.jpg 2048w, https:\/\/gitemontsaintmichel.fr\/wp-content\/uploads\/2026\/02\/30-chambre-verte-un-grand-lit-1568x1176.jpg 1568w\" sizes=\"auto, (max-width: 2560px) 100vw, 2560px\" \/><figcaption class=\"wp-block-jetpack-slideshow_caption gallery-caption\">Chambre verte avec un lit double 160 X 200 (2 lits de 80 X 200)<\/figcaption><\/figure><\/li><li class=\"wp-block-jetpack-slideshow_slide swiper-slide\"><figure><img loading=\"lazy\" decoding=\"async\" width=\"1920\" height=\"2560\" alt=\"Chambre verte avec un lit double 160 X 200 (2 lits de 80 X 200)\" class=\"wp-block-jetpack-slideshow_image wp-image-4894\" data-id=\"4894\" src=\"https:\/\/gitemontsaintmichel.fr\/wp-content\/uploads\/2026\/02\/24-chambre-verte-deux-lits-IMG_2275-scaled.jpg\" srcset=\"https:\/\/gitemontsaintmichel.fr\/wp-content\/uploads\/2026\/02\/24-chambre-verte-deux-lits-IMG_2275-scaled.jpg 1920w, https:\/\/gitemontsaintmichel.fr\/wp-content\/uploads\/2026\/02\/24-chambre-verte-deux-lits-IMG_2275-225x300.jpg 225w, https:\/\/gitemontsaintmichel.fr\/wp-content\/uploads\/2026\/02\/24-chambre-verte-deux-lits-IMG_2275-768x1024.jpg 768w, https:\/\/gitemontsaintmichel.fr\/wp-content\/uploads\/2026\/02\/24-chambre-verte-deux-lits-IMG_2275-1152x1536.jpg 1152w, https:\/\/gitemontsaintmichel.fr\/wp-content\/uploads\/2026\/02\/24-chambre-verte-deux-lits-IMG_2275-1536x2048.jpg 1536w, https:\/\/gitemontsaintmichel.fr\/wp-content\/uploads\/2026\/02\/24-chambre-verte-deux-lits-IMG_2275-1568x2091.jpg 1568w\" sizes=\"auto, (max-width: 1920px) 100vw, 1920px\" \/><figcaption class=\"wp-block-jetpack-slideshow_caption gallery-caption\">Chambre verte avec un lit double 160 X 200 (2 lits de 80 X 200)<\/figcaption><\/figure><\/li><li class=\"wp-block-jetpack-slideshow_slide swiper-slide\"><figure><img loading=\"lazy\" decoding=\"async\" width=\"1200\" height=\"1600\" alt=\"Chambre jaune avec un lit de 140 x 190\" class=\"wp-block-jetpack-slideshow_image wp-image-4893\" data-id=\"4893\" src=\"https:\/\/gitemontsaintmichel.fr\/wp-content\/uploads\/2026\/02\/23-chambre-jaune-SNXE1587.jpg\" srcset=\"https:\/\/gitemontsaintmichel.fr\/wp-content\/uploads\/2026\/02\/23-chambre-jaune-SNXE1587.jpg 1200w, https:\/\/gitemontsaintmichel.fr\/wp-content\/uploads\/2026\/02\/23-chambre-jaune-SNXE1587-225x300.jpg 225w, https:\/\/gitemontsaintmichel.fr\/wp-content\/uploads\/2026\/02\/23-chambre-jaune-SNXE1587-768x1024.jpg 768w, https:\/\/gitemontsaintmichel.fr\/wp-content\/uploads\/2026\/02\/23-chambre-jaune-SNXE1587-1152x1536.jpg 1152w\" sizes=\"auto, (max-width: 1200px) 100vw, 1200px\" \/><figcaption class=\"wp-block-jetpack-slideshow_caption gallery-caption\">Chambre jaune avec un lit de 140 x 190<\/figcaption><\/figure><\/li><li class=\"wp-block-jetpack-slideshow_slide swiper-slide\"><figure><img loading=\"lazy\" decoding=\"async\" width=\"2560\" height=\"1920\" alt=\"la terrasse\" class=\"wp-block-jetpack-slideshow_image wp-image-1184\" data-id=\"1184\" src=\"https:\/\/gitemontsaintmichel.fr\/wp-content\/uploads\/2023\/04\/IMG_4500-scaled.jpeg\" srcset=\"https:\/\/gitemontsaintmichel.fr\/wp-content\/uploads\/2023\/04\/IMG_4500-scaled.jpeg 2560w, https:\/\/gitemontsaintmichel.fr\/wp-content\/uploads\/2023\/04\/IMG_4500-300x225.jpeg 300w, https:\/\/gitemontsaintmichel.fr\/wp-content\/uploads\/2023\/04\/IMG_4500-1024x768.jpeg 1024w, https:\/\/gitemontsaintmichel.fr\/wp-content\/uploads\/2023\/04\/IMG_4500-768x576.jpeg 768w, https:\/\/gitemontsaintmichel.fr\/wp-content\/uploads\/2023\/04\/IMG_4500-1536x1152.jpeg 1536w, https:\/\/gitemontsaintmichel.fr\/wp-content\/uploads\/2023\/04\/IMG_4500-2048x1536.jpeg 2048w, https:\/\/gitemontsaintmichel.fr\/wp-content\/uploads\/2023\/04\/IMG_4500-1568x1176.jpeg 1568w\" sizes=\"auto, (max-width: 2560px) 100vw, 2560px\" \/><figcaption class=\"wp-block-jetpack-slideshow_caption gallery-caption\">La terrasse<\/figcaption><\/figure><\/li><li class=\"wp-block-jetpack-slideshow_slide swiper-slide\"><figure><img loading=\"lazy\" decoding=\"async\" width=\"1600\" height=\"1200\" alt=\"Salon de jardin\" class=\"wp-block-jetpack-slideshow_image wp-image-4891\" data-id=\"4891\" src=\"https:\/\/gitemontsaintmichel.fr\/wp-content\/uploads\/2026\/02\/21-salon-de-jardin.jpg\" srcset=\"https:\/\/gitemontsaintmichel.fr\/wp-content\/uploads\/2026\/02\/21-salon-de-jardin.jpg 1600w, https:\/\/gitemontsaintmichel.fr\/wp-content\/uploads\/2026\/02\/21-salon-de-jardin-300x225.jpg 300w, https:\/\/gitemontsaintmichel.fr\/wp-content\/uploads\/2026\/02\/21-salon-de-jardin-1024x768.jpg 1024w, https:\/\/gitemontsaintmichel.fr\/wp-content\/uploads\/2026\/02\/21-salon-de-jardin-768x576.jpg 768w, https:\/\/gitemontsaintmichel.fr\/wp-content\/uploads\/2026\/02\/21-salon-de-jardin-1536x1152.jpg 1536w, https:\/\/gitemontsaintmichel.fr\/wp-content\/uploads\/2026\/02\/21-salon-de-jardin-1568x1176.jpg 1568w\" sizes=\"auto, (max-width: 1600px) 100vw, 1600px\" \/><figcaption class=\"wp-block-jetpack-slideshow_caption gallery-caption\">Salon de jardin<\/figcaption><\/figure><\/li><li class=\"wp-block-jetpack-slideshow_slide swiper-slide\"><figure><img loading=\"lazy\" decoding=\"async\" width=\"1920\" height=\"2560\" alt=\"Jardin avec un puit\" class=\"wp-block-jetpack-slideshow_image wp-image-4909\" data-id=\"4909\" src=\"https:\/\/gitemontsaintmichel.fr\/wp-content\/uploads\/2026\/02\/33-jardin-IMG_7667-scaled.jpg\" srcset=\"https:\/\/gitemontsaintmichel.fr\/wp-content\/uploads\/2026\/02\/33-jardin-IMG_7667-scaled.jpg 1920w, https:\/\/gitemontsaintmichel.fr\/wp-content\/uploads\/2026\/02\/33-jardin-IMG_7667-225x300.jpg 225w, https:\/\/gitemontsaintmichel.fr\/wp-content\/uploads\/2026\/02\/33-jardin-IMG_7667-768x1024.jpg 768w, https:\/\/gitemontsaintmichel.fr\/wp-content\/uploads\/2026\/02\/33-jardin-IMG_7667-1152x1536.jpg 1152w, https:\/\/gitemontsaintmichel.fr\/wp-content\/uploads\/2026\/02\/33-jardin-IMG_7667-1536x2048.jpg 1536w, https:\/\/gitemontsaintmichel.fr\/wp-content\/uploads\/2026\/02\/33-jardin-IMG_7667-1568x2091.jpg 1568w\" sizes=\"auto, (max-width: 1920px) 100vw, 1920px\" \/><figcaption class=\"wp-block-jetpack-slideshow_caption gallery-caption\">Le jardin privatif<\/figcaption><\/figure><\/li><li class=\"wp-block-jetpack-slideshow_slide swiper-slide\"><figure><img loading=\"lazy\" decoding=\"async\" width=\"1600\" height=\"1200\" alt=\"\" class=\"wp-block-jetpack-slideshow_image wp-image-985\" data-id=\"985\" src=\"https:\/\/gitemontsaintmichel.fr\/wp-content\/uploads\/2023\/01\/15-cour-et-jardin.jpeg\" srcset=\"https:\/\/gitemontsaintmichel.fr\/wp-content\/uploads\/2023\/01\/15-cour-et-jardin.jpeg 1600w, https:\/\/gitemontsaintmichel.fr\/wp-content\/uploads\/2023\/01\/15-cour-et-jardin-300x225.jpeg 300w, https:\/\/gitemontsaintmichel.fr\/wp-content\/uploads\/2023\/01\/15-cour-et-jardin-1024x768.jpeg 1024w, https:\/\/gitemontsaintmichel.fr\/wp-content\/uploads\/2023\/01\/15-cour-et-jardin-768x576.jpeg 768w, https:\/\/gitemontsaintmichel.fr\/wp-content\/uploads\/2023\/01\/15-cour-et-jardin-1536x1152.jpeg 1536w, https:\/\/gitemontsaintmichel.fr\/wp-content\/uploads\/2023\/01\/15-cour-et-jardin-1568x1176.jpeg 1568w\" sizes=\"auto, (max-width: 1600px) 100vw, 1600px\" \/><figcaption class=\"wp-block-jetpack-slideshow_caption gallery-caption\">Cour et jardin<\/figcaption><\/figure><\/li><li class=\"wp-block-jetpack-slideshow_slide swiper-slide\"><figure><img loading=\"lazy\" decoding=\"async\" width=\"1600\" height=\"1200\" alt=\"Portail et stationnement\" class=\"wp-block-jetpack-slideshow_image wp-image-105\" data-id=\"105\" src=\"https:\/\/gitemontsaintmichel.fr\/wp-content\/uploads\/2022\/07\/portail-rue-de-lavant-garde.jpeg\" srcset=\"https:\/\/gitemontsaintmichel.fr\/wp-content\/uploads\/2022\/07\/portail-rue-de-lavant-garde.jpeg 1600w, https:\/\/gitemontsaintmichel.fr\/wp-content\/uploads\/2022\/07\/portail-rue-de-lavant-garde-300x225.jpeg 300w, https:\/\/gitemontsaintmichel.fr\/wp-content\/uploads\/2022\/07\/portail-rue-de-lavant-garde-1024x768.jpeg 1024w, https:\/\/gitemontsaintmichel.fr\/wp-content\/uploads\/2022\/07\/portail-rue-de-lavant-garde-768x576.jpeg 768w, https:\/\/gitemontsaintmichel.fr\/wp-content\/uploads\/2022\/07\/portail-rue-de-lavant-garde-1536x1152.jpeg 1536w, https:\/\/gitemontsaintmichel.fr\/wp-content\/uploads\/2022\/07\/portail-rue-de-lavant-garde-1568x1176.jpeg 1568w\" sizes=\"auto, (max-width: 1600px) 100vw, 1600px\" \/><figcaption class=\"wp-block-jetpack-slideshow_caption gallery-caption\">Portail d&rsquo;acc\u00e8s au parking du gite<\/figcaption><\/figure><\/li><li class=\"wp-block-jetpack-slideshow_slide swiper-slide\"><figure><img loading=\"lazy\" decoding=\"async\" width=\"2560\" height=\"1920\" alt=\"Parking, jardin et maison au fond\" class=\"wp-block-jetpack-slideshow_image wp-image-4895\" data-id=\"4895\" src=\"https:\/\/gitemontsaintmichel.fr\/wp-content\/uploads\/2026\/02\/25-portail-parking-IMG_2245-scaled.jpg\" srcset=\"https:\/\/gitemontsaintmichel.fr\/wp-content\/uploads\/2026\/02\/25-portail-parking-IMG_2245-scaled.jpg 2560w, https:\/\/gitemontsaintmichel.fr\/wp-content\/uploads\/2026\/02\/25-portail-parking-IMG_2245-300x225.jpg 300w, https:\/\/gitemontsaintmichel.fr\/wp-content\/uploads\/2026\/02\/25-portail-parking-IMG_2245-1024x768.jpg 1024w, https:\/\/gitemontsaintmichel.fr\/wp-content\/uploads\/2026\/02\/25-portail-parking-IMG_2245-768x576.jpg 768w, https:\/\/gitemontsaintmichel.fr\/wp-content\/uploads\/2026\/02\/25-portail-parking-IMG_2245-1536x1152.jpg 1536w, https:\/\/gitemontsaintmichel.fr\/wp-content\/uploads\/2026\/02\/25-portail-parking-IMG_2245-2048x1536.jpg 2048w, https:\/\/gitemontsaintmichel.fr\/wp-content\/uploads\/2026\/02\/25-portail-parking-IMG_2245-1568x1176.jpg 1568w\" sizes=\"auto, (max-width: 2560px) 100vw, 2560px\" \/><figcaption class=\"wp-block-jetpack-slideshow_caption gallery-caption\">Parking, jardin et maison au fond<\/figcaption><\/figure><\/li><li class=\"wp-block-jetpack-slideshow_slide swiper-slide\"><figure><img loading=\"lazy\" decoding=\"async\" width=\"2560\" height=\"1920\" alt=\"\" class=\"wp-block-jetpack-slideshow_image wp-image-990\" data-id=\"990\" src=\"https:\/\/gitemontsaintmichel.fr\/wp-content\/uploads\/2023\/01\/cote-rue-scaled.jpg\" srcset=\"https:\/\/gitemontsaintmichel.fr\/wp-content\/uploads\/2023\/01\/cote-rue-scaled.jpg 2560w, https:\/\/gitemontsaintmichel.fr\/wp-content\/uploads\/2023\/01\/cote-rue-300x225.jpg 300w, https:\/\/gitemontsaintmichel.fr\/wp-content\/uploads\/2023\/01\/cote-rue-1024x768.jpg 1024w, https:\/\/gitemontsaintmichel.fr\/wp-content\/uploads\/2023\/01\/cote-rue-768x576.jpg 768w, https:\/\/gitemontsaintmichel.fr\/wp-content\/uploads\/2023\/01\/cote-rue-1536x1152.jpg 1536w, https:\/\/gitemontsaintmichel.fr\/wp-content\/uploads\/2023\/01\/cote-rue-2048x1536.jpg 2048w, https:\/\/gitemontsaintmichel.fr\/wp-content\/uploads\/2023\/01\/cote-rue-1568x1176.jpg 1568w\" sizes=\"auto, (max-width: 2560px) 100vw, 2560px\" \/><figcaption class=\"wp-block-jetpack-slideshow_caption gallery-caption\">Fa\u00e7ade cot\u00e9 Grande rue<\/figcaption><\/figure><\/li><li class=\"wp-block-jetpack-slideshow_slide swiper-slide\"><figure><img loading=\"lazy\" decoding=\"async\" width=\"1296\" height=\"728\" alt=\"Vue sur la baie du Mont Saint Michel\" class=\"wp-block-jetpack-slideshow_image wp-image-48\" data-id=\"48\" src=\"https:\/\/gitemontsaintmichel.fr\/wp-content\/uploads\/2022\/07\/Vue-sur-le-Mont-St-Michel.jpg\" srcset=\"https:\/\/gitemontsaintmichel.fr\/wp-content\/uploads\/2022\/07\/Vue-sur-le-Mont-St-Michel.jpg 1296w, https:\/\/gitemontsaintmichel.fr\/wp-content\/uploads\/2022\/07\/Vue-sur-le-Mont-St-Michel-300x169.jpg 300w, https:\/\/gitemontsaintmichel.fr\/wp-content\/uploads\/2022\/07\/Vue-sur-le-Mont-St-Michel-1024x575.jpg 1024w, https:\/\/gitemontsaintmichel.fr\/wp-content\/uploads\/2022\/07\/Vue-sur-le-Mont-St-Michel-768x431.jpg 768w\" sizes=\"auto, (max-width: 1296px) 100vw, 1296px\" \/><figcaption class=\"wp-block-jetpack-slideshow_caption gallery-caption\">Vue sur la Baie du Mont Saint Michel depuis Gen\u00eats<\/figcaption><\/figure><\/li><li class=\"wp-block-jetpack-slideshow_slide swiper-slide\"><figure><img loading=\"lazy\" decoding=\"async\" width=\"2560\" height=\"1920\" alt=\"Le Mont Saint Michel\" class=\"wp-block-jetpack-slideshow_image wp-image-106\" data-id=\"106\" src=\"https:\/\/gitemontsaintmichel.fr\/wp-content\/uploads\/2022\/07\/10-le-mont-vu-du-pont-scaled.jpg\" srcset=\"https:\/\/gitemontsaintmichel.fr\/wp-content\/uploads\/2022\/07\/10-le-mont-vu-du-pont-scaled.jpg 2560w, https:\/\/gitemontsaintmichel.fr\/wp-content\/uploads\/2022\/07\/10-le-mont-vu-du-pont-300x225.jpg 300w, https:\/\/gitemontsaintmichel.fr\/wp-content\/uploads\/2022\/07\/10-le-mont-vu-du-pont-1024x768.jpg 1024w, https:\/\/gitemontsaintmichel.fr\/wp-content\/uploads\/2022\/07\/10-le-mont-vu-du-pont-768x576.jpg 768w, https:\/\/gitemontsaintmichel.fr\/wp-content\/uploads\/2022\/07\/10-le-mont-vu-du-pont-1536x1152.jpg 1536w, https:\/\/gitemontsaintmichel.fr\/wp-content\/uploads\/2022\/07\/10-le-mont-vu-du-pont-2048x1536.jpg 2048w, https:\/\/gitemontsaintmichel.fr\/wp-content\/uploads\/2022\/07\/10-le-mont-vu-du-pont-1568x1176.jpg 1568w\" sizes=\"auto, (max-width: 2560px) 100vw, 2560px\" \/><figcaption class=\"wp-block-jetpack-slideshow_caption gallery-caption\">Le mont saint Michel vu du pont de Genets<\/figcaption><\/figure><\/li><li class=\"wp-block-jetpack-slideshow_slide swiper-slide\"><figure><img loading=\"lazy\" decoding=\"async\" width=\"1920\" height=\"2560\" alt=\"sentier littoral sur place\" class=\"wp-block-jetpack-slideshow_image wp-image-1185\" data-id=\"1185\" src=\"https:\/\/gitemontsaintmichel.fr\/wp-content\/uploads\/2023\/04\/IMG_4515-scaled.jpeg\" srcset=\"https:\/\/gitemontsaintmichel.fr\/wp-content\/uploads\/2023\/04\/IMG_4515-scaled.jpeg 1920w, https:\/\/gitemontsaintmichel.fr\/wp-content\/uploads\/2023\/04\/IMG_4515-225x300.jpeg 225w, https:\/\/gitemontsaintmichel.fr\/wp-content\/uploads\/2023\/04\/IMG_4515-768x1024.jpeg 768w, https:\/\/gitemontsaintmichel.fr\/wp-content\/uploads\/2023\/04\/IMG_4515-1152x1536.jpeg 1152w, https:\/\/gitemontsaintmichel.fr\/wp-content\/uploads\/2023\/04\/IMG_4515-1536x2048.jpeg 1536w, https:\/\/gitemontsaintmichel.fr\/wp-content\/uploads\/2023\/04\/IMG_4515-1568x2091.jpeg 1568w\" sizes=\"auto, (max-width: 1920px) 100vw, 1920px\" \/><figcaption class=\"wp-block-jetpack-slideshow_caption gallery-caption\">Sentier littoral sur place<\/figcaption><\/figure><\/li><li class=\"wp-block-jetpack-slideshow_slide swiper-slide\"><figure><img loading=\"lazy\" decoding=\"async\" width=\"2560\" height=\"1920\" alt=\"Le Mont Saint Michel de nuit\" class=\"wp-block-jetpack-slideshow_image wp-image-47\" data-id=\"47\" src=\"https:\/\/gitemontsaintmichel.fr\/wp-content\/uploads\/2022\/07\/IMG_3650-scaled.jpg\" srcset=\"https:\/\/gitemontsaintmichel.fr\/wp-content\/uploads\/2022\/07\/IMG_3650-scaled.jpg 2560w, https:\/\/gitemontsaintmichel.fr\/wp-content\/uploads\/2022\/07\/IMG_3650-300x225.jpg 300w, https:\/\/gitemontsaintmichel.fr\/wp-content\/uploads\/2022\/07\/IMG_3650-1024x768.jpg 1024w, https:\/\/gitemontsaintmichel.fr\/wp-content\/uploads\/2022\/07\/IMG_3650-768x576.jpg 768w, https:\/\/gitemontsaintmichel.fr\/wp-content\/uploads\/2022\/07\/IMG_3650-1536x1152.jpg 1536w, https:\/\/gitemontsaintmichel.fr\/wp-content\/uploads\/2022\/07\/IMG_3650-2048x1536.jpg 2048w, https:\/\/gitemontsaintmichel.fr\/wp-content\/uploads\/2022\/07\/IMG_3650-1568x1176.jpg 1568w\" sizes=\"auto, (max-width: 2560px) 100vw, 2560px\" \/><figcaption class=\"wp-block-jetpack-slideshow_caption gallery-caption\">Le Mont Saint Michel de nuit<\/figcaption><\/figure><\/li><\/ul><a class=\"wp-block-jetpack-slideshow_button-prev swiper-button-prev swiper-button-white\" role=\"button\"><\/a><a class=\"wp-block-jetpack-slideshow_button-next swiper-button-next swiper-button-white\" role=\"button\"><\/a><a aria-label=\"Pause Slideshow\" class=\"wp-block-jetpack-slideshow_button-pause\" role=\"button\"><\/a><div class=\"wp-block-jetpack-slideshow_pagination swiper-pagination swiper-pagination-white\"><\/div><\/div><\/div>\n<\/div>\n\n\n\n<div class=\"wp-block-column is-vertically-aligned-center is-layout-flow wp-block-column-is-layout-flow\" style=\"flex-basis:33.33%\">\n<div class=\"wp-block-jetpack-tiled-gallery aligncenter is-style-square\"><div class=\"tiled-gallery__gallery\"><div class=\"tiled-gallery__row columns-2\"><div class=\"tiled-gallery__col\"><figure class=\"tiled-gallery__item\"><img decoding=\"async\" srcset=\"https:\/\/i0.wp.com\/gitemontsaintmichel.fr\/wp-content\/uploads\/2023\/10\/2-salon-carree.jpg?resize=600%2C600&#038;strip=info&#038;ssl=1 600w,https:\/\/i0.wp.com\/gitemontsaintmichel.fr\/wp-content\/uploads\/2023\/10\/2-salon-carree.jpg?resize=761%2C761&#038;strip=info&#038;ssl=1 761w\" alt=\"Salon lumineux et confortable\" data-height=\"767\" data-id=\"1391\" data-link=\"https:\/\/gitemontsaintmichel.fr\/?attachment_id=1391\" data-url=\"https:\/\/gitemontsaintmichel.fr\/wp-content\/uploads\/2023\/10\/2-salon-carree.jpg\" data-width=\"761\" src=\"https:\/\/i0.wp.com\/gitemontsaintmichel.fr\/wp-content\/uploads\/2023\/10\/2-salon-carree.jpg?ssl=1&amp;resize=761%2C761\" data-amp-layout=\"responsive\"\/><\/figure><\/div><div class=\"tiled-gallery__col\"><figure class=\"tiled-gallery__item\"><img decoding=\"async\" srcset=\"https:\/\/i1.wp.com\/gitemontsaintmichel.fr\/wp-content\/uploads\/2022\/07\/243128b3-fd24-4a45-8d7a-3111cffc3bd1.jpg?resize=600%2C600&#038;strip=info&#038;ssl=1 600w,https:\/\/i1.wp.com\/gitemontsaintmichel.fr\/wp-content\/uploads\/2022\/07\/243128b3-fd24-4a45-8d7a-3111cffc3bd1.jpg?resize=768%2C768&#038;strip=info&#038;ssl=1 768w\" alt=\"\" data-height=\"768\" data-id=\"39\" data-link=\"https:\/\/gitemontsaintmichel.fr\/?attachment_id=39\" data-url=\"https:\/\/gitemontsaintmichel.fr\/wp-content\/uploads\/2022\/07\/243128b3-fd24-4a45-8d7a-3111cffc3bd1.jpg\" data-width=\"1024\" src=\"https:\/\/i1.wp.com\/gitemontsaintmichel.fr\/wp-content\/uploads\/2022\/07\/243128b3-fd24-4a45-8d7a-3111cffc3bd1.jpg?ssl=1&amp;resize=768%2C768\" data-amp-layout=\"responsive\"\/><\/figure><\/div><\/div><div class=\"tiled-gallery__row columns-3\"><div class=\"tiled-gallery__col\"><figure class=\"tiled-gallery__item\"><img decoding=\"async\" srcset=\"https:\/\/i2.wp.com\/gitemontsaintmichel.fr\/wp-content\/uploads\/2026\/02\/27-chambre-bleue-1024x768.jpg?resize=600%2C600&#038;strip=info&#038;ssl=1 600w,https:\/\/i2.wp.com\/gitemontsaintmichel.fr\/wp-content\/uploads\/2026\/02\/27-chambre-bleue-1024x768.jpg?resize=900%2C900&#038;strip=info&#038;ssl=1 900w,https:\/\/i2.wp.com\/gitemontsaintmichel.fr\/wp-content\/uploads\/2026\/02\/27-chambre-bleue-1024x768.jpg?resize=1200%2C1200&#038;strip=info&#038;ssl=1 1200w,https:\/\/i2.wp.com\/gitemontsaintmichel.fr\/wp-content\/uploads\/2026\/02\/27-chambre-bleue-1024x768.jpg?resize=1500%2C1500&#038;strip=info&#038;ssl=1 1500w,https:\/\/i2.wp.com\/gitemontsaintmichel.fr\/wp-content\/uploads\/2026\/02\/27-chambre-bleue-1024x768.jpg?resize=1800%2C1800&#038;strip=info&#038;ssl=1 1800w,https:\/\/i2.wp.com\/gitemontsaintmichel.fr\/wp-content\/uploads\/2026\/02\/27-chambre-bleue-1024x768.jpg?resize=1920%2C1920&#038;strip=info&#038;ssl=1 1920w\" alt=\"Chambre bleue avec un lit double 160 X 200 (2 lits de 80 X 200)\" data-height=\"1920\" data-id=\"4887\" data-link=\"https:\/\/gitemontsaintmichel.fr\/?attachment_id=4887\" data-url=\"https:\/\/gitemontsaintmichel.fr\/wp-content\/uploads\/2026\/02\/27-chambre-bleue-1024x768.jpg\" data-width=\"2560\" src=\"https:\/\/i2.wp.com\/gitemontsaintmichel.fr\/wp-content\/uploads\/2026\/02\/27-chambre-bleue-1024x768.jpg?ssl=1&amp;resize=1920%2C1920\" data-amp-layout=\"responsive\"\/><\/figure><\/div><div class=\"tiled-gallery__col\"><figure class=\"tiled-gallery__item\"><img decoding=\"async\" srcset=\"https:\/\/i2.wp.com\/gitemontsaintmichel.fr\/wp-content\/uploads\/2022\/07\/IMG_3650-1024x768.jpg?resize=600%2C600&#038;strip=info&#038;ssl=1 600w,https:\/\/i2.wp.com\/gitemontsaintmichel.fr\/wp-content\/uploads\/2022\/07\/IMG_3650-1024x768.jpg?resize=900%2C900&#038;strip=info&#038;ssl=1 900w,https:\/\/i2.wp.com\/gitemontsaintmichel.fr\/wp-content\/uploads\/2022\/07\/IMG_3650-1024x768.jpg?resize=1200%2C1200&#038;strip=info&#038;ssl=1 1200w,https:\/\/i2.wp.com\/gitemontsaintmichel.fr\/wp-content\/uploads\/2022\/07\/IMG_3650-1024x768.jpg?resize=1500%2C1500&#038;strip=info&#038;ssl=1 1500w,https:\/\/i2.wp.com\/gitemontsaintmichel.fr\/wp-content\/uploads\/2022\/07\/IMG_3650-1024x768.jpg?resize=1800%2C1800&#038;strip=info&#038;ssl=1 1800w,https:\/\/i2.wp.com\/gitemontsaintmichel.fr\/wp-content\/uploads\/2022\/07\/IMG_3650-1024x768.jpg?resize=1920%2C1920&#038;strip=info&#038;ssl=1 1920w\" alt=\"Le Mont Saint Michel de nuit\" data-height=\"1920\" data-id=\"47\" data-link=\"https:\/\/gitemontsaintmichel.fr\/?attachment_id=47\" data-url=\"https:\/\/gitemontsaintmichel.fr\/wp-content\/uploads\/2022\/07\/IMG_3650-1024x768.jpg\" data-width=\"2560\" src=\"https:\/\/i2.wp.com\/gitemontsaintmichel.fr\/wp-content\/uploads\/2022\/07\/IMG_3650-1024x768.jpg?ssl=1&amp;resize=1920%2C1920\" data-amp-layout=\"responsive\"\/><\/figure><\/div><div class=\"tiled-gallery__col\"><figure class=\"tiled-gallery__item\"><img decoding=\"async\" srcset=\"https:\/\/i2.wp.com\/gitemontsaintmichel.fr\/wp-content\/uploads\/2026\/02\/30-chambre-verte-un-grand-lit-1024x768.jpg?resize=600%2C600&#038;strip=info&#038;ssl=1 600w,https:\/\/i2.wp.com\/gitemontsaintmichel.fr\/wp-content\/uploads\/2026\/02\/30-chambre-verte-un-grand-lit-1024x768.jpg?resize=900%2C900&#038;strip=info&#038;ssl=1 900w,https:\/\/i2.wp.com\/gitemontsaintmichel.fr\/wp-content\/uploads\/2026\/02\/30-chambre-verte-un-grand-lit-1024x768.jpg?resize=1200%2C1200&#038;strip=info&#038;ssl=1 1200w,https:\/\/i2.wp.com\/gitemontsaintmichel.fr\/wp-content\/uploads\/2026\/02\/30-chambre-verte-un-grand-lit-1024x768.jpg?resize=1500%2C1500&#038;strip=info&#038;ssl=1 1500w,https:\/\/i2.wp.com\/gitemontsaintmichel.fr\/wp-content\/uploads\/2026\/02\/30-chambre-verte-un-grand-lit-1024x768.jpg?resize=1800%2C1800&#038;strip=info&#038;ssl=1 1800w,https:\/\/i2.wp.com\/gitemontsaintmichel.fr\/wp-content\/uploads\/2026\/02\/30-chambre-verte-un-grand-lit-1024x768.jpg?resize=1920%2C1920&#038;strip=info&#038;ssl=1 1920w\" alt=\"Chambre verte avec un lit double 160 X 200 (2 lits de 80 X 200)\" data-height=\"1920\" data-id=\"4890\" data-link=\"https:\/\/gitemontsaintmichel.fr\/?attachment_id=4890\" data-url=\"https:\/\/gitemontsaintmichel.fr\/wp-content\/uploads\/2026\/02\/30-chambre-verte-un-grand-lit-1024x768.jpg\" data-width=\"2560\" src=\"https:\/\/i2.wp.com\/gitemontsaintmichel.fr\/wp-content\/uploads\/2026\/02\/30-chambre-verte-un-grand-lit-1024x768.jpg?ssl=1&amp;resize=1920%2C1920\" data-amp-layout=\"responsive\"\/><\/figure><\/div><\/div><div class=\"tiled-gallery__row columns-3\"><div class=\"tiled-gallery__col\"><figure class=\"tiled-gallery__item\"><img decoding=\"async\" srcset=\"https:\/\/i0.wp.com\/gitemontsaintmichel.fr\/wp-content\/uploads\/2026\/02\/22-chambre-orange-UTQS8289-1024x768.jpg?resize=600%2C600&#038;strip=info&#038;ssl=1 600w,https:\/\/i0.wp.com\/gitemontsaintmichel.fr\/wp-content\/uploads\/2026\/02\/22-chambre-orange-UTQS8289-1024x768.jpg?resize=900%2C900&#038;strip=info&#038;ssl=1 900w,https:\/\/i0.wp.com\/gitemontsaintmichel.fr\/wp-content\/uploads\/2026\/02\/22-chambre-orange-UTQS8289-1024x768.jpg?resize=1200%2C1200&#038;strip=info&#038;ssl=1 1200w\" alt=\"Chambre orange avec un lit double 140 x 190\" data-height=\"1200\" data-id=\"4892\" data-link=\"https:\/\/gitemontsaintmichel.fr\/?attachment_id=4892\" data-url=\"https:\/\/gitemontsaintmichel.fr\/wp-content\/uploads\/2026\/02\/22-chambre-orange-UTQS8289-1024x768.jpg\" data-width=\"1600\" src=\"https:\/\/i0.wp.com\/gitemontsaintmichel.fr\/wp-content\/uploads\/2026\/02\/22-chambre-orange-UTQS8289-1024x768.jpg?ssl=1&amp;resize=1200%2C1200\" data-amp-layout=\"responsive\"\/><\/figure><\/div><div class=\"tiled-gallery__col\"><figure class=\"tiled-gallery__item\"><img decoding=\"async\" srcset=\"https:\/\/i0.wp.com\/gitemontsaintmichel.fr\/wp-content\/uploads\/2023\/10\/10-salle-deau-1er-etage-carree.png?resize=600%2C600&#038;strip=info&#038;ssl=1 600w,https:\/\/i0.wp.com\/gitemontsaintmichel.fr\/wp-content\/uploads\/2023\/10\/10-salle-deau-1er-etage-carree.png?resize=900%2C900&#038;strip=info&#038;ssl=1 900w,https:\/\/i0.wp.com\/gitemontsaintmichel.fr\/wp-content\/uploads\/2023\/10\/10-salle-deau-1er-etage-carree.png?resize=1024%2C1024&#038;strip=info&#038;ssl=1 1024w\" alt=\"Salle d'eau 1er \u00e9tage\" data-height=\"1024\" data-id=\"1385\" data-link=\"https:\/\/gitemontsaintmichel.fr\/?attachment_id=1385\" data-url=\"https:\/\/gitemontsaintmichel.fr\/wp-content\/uploads\/2023\/10\/10-salle-deau-1er-etage-carree.png\" data-width=\"1024\" src=\"https:\/\/i0.wp.com\/gitemontsaintmichel.fr\/wp-content\/uploads\/2023\/10\/10-salle-deau-1er-etage-carree.png?ssl=1&amp;resize=1024%2C1024\" data-amp-layout=\"responsive\"\/><\/figure><\/div><div class=\"tiled-gallery__col\"><figure class=\"tiled-gallery__item\"><img decoding=\"async\" srcset=\"https:\/\/i0.wp.com\/gitemontsaintmichel.fr\/wp-content\/uploads\/2026\/02\/23-chambre-jaune-SNXE1587-768x1024.jpg?resize=600%2C600&#038;strip=info&#038;ssl=1 600w,https:\/\/i0.wp.com\/gitemontsaintmichel.fr\/wp-content\/uploads\/2026\/02\/23-chambre-jaune-SNXE1587-768x1024.jpg?resize=900%2C900&#038;strip=info&#038;ssl=1 900w,https:\/\/i0.wp.com\/gitemontsaintmichel.fr\/wp-content\/uploads\/2026\/02\/23-chambre-jaune-SNXE1587-768x1024.jpg?resize=1200%2C1200&#038;strip=info&#038;ssl=1 1200w\" alt=\"Chambre jaune avec un lit de 140 x 190\" data-height=\"1600\" data-id=\"4893\" data-link=\"https:\/\/gitemontsaintmichel.fr\/?attachment_id=4893\" data-url=\"https:\/\/gitemontsaintmichel.fr\/wp-content\/uploads\/2026\/02\/23-chambre-jaune-SNXE1587-768x1024.jpg\" data-width=\"1200\" src=\"https:\/\/i0.wp.com\/gitemontsaintmichel.fr\/wp-content\/uploads\/2026\/02\/23-chambre-jaune-SNXE1587-768x1024.jpg?ssl=1&amp;resize=1200%2C1200\" data-amp-layout=\"responsive\"\/><\/figure><\/div><\/div><\/div><\/div>\n<\/div>\n<\/div>\n\n\n\n<div class=\"wp-block-columns alignwide is-layout-flex wp-container-core-columns-is-layout-9d6595d7 wp-block-columns-is-layout-flex\">\n<div class=\"wp-block-column is-layout-flow wp-block-column-is-layout-flow\" style=\"flex-basis:66.66%\">\n<h1 class=\"wp-block-heading margin-bottom-half has-extra-large-font-size\">Maison pour 8 personnes au coeur de la Baie du Mont Saint Michel<\/h1>\n\n\n\n<p class=\"margin-top-half\">Maison de 100 m\u00b2, situ\u00e9e au c\u0153ur de Gen\u00eats, lieu de d\u00e9part de la travers\u00e9e \u00e0 pied vers le Mont Saint Michel. Boulangerie et \u00e9picerie \u00e0 200m, plage \u00e0 4 km, offre vari\u00e9e d&rsquo;activit\u00e9s en famille ou entre amis: balade en baie, \u00e9quitation, visite du Mont Saint Michel, &#8230;<\/p>\n<\/div>\n\n\n\n<div class=\"wp-block-column is-layout-flow wp-block-column-is-layout-flow\" style=\"flex-basis:33.33%\">\n<p class=\"has-text-align-right has-huge-font-size\"><\/p>\n<\/div>\n<\/div>\n\n\n\n<div class=\"wp-block-group alignfull has-background-color has-foreground-background-color has-text-color has-background\"><div class=\"wp-block-group__inner-container is-layout-flow wp-block-group-is-layout-flow\">\n<div class=\"wp-block-columns alignwide is-layout-flex wp-container-core-columns-is-layout-9d6595d7 wp-block-columns-is-layout-flex\">\n<div class=\"wp-block-column is-layout-flow wp-block-column-is-layout-flow\">\n<hr class=\"wp-block-separator has-css-opacity is-style-wide\"\/>\n\n\n\n<p class=\"has-text-align-center margin-bottom-none has-normal-font-size\"><strong>Capacit\u00e9<\/strong><\/p>\n\n\n\n<p class=\"has-text-align-center margin-top-none margin-bottom-half has-custom-size\" style=\"font-size:40px\">8 personnes<\/p>\n\n\n\n<hr class=\"wp-block-separator has-css-opacity is-style-wide margin-top-half\"\/>\n<\/div>\n\n\n\n<div class=\"wp-block-column is-layout-flow wp-block-column-is-layout-flow\">\n<hr class=\"wp-block-separator has-css-opacity is-style-wide\"\/>\n\n\n\n<p class=\"has-text-align-center margin-bottom-none has-normal-font-size\"><strong>Chambres<\/strong><\/p>\n\n\n\n<p class=\"has-text-align-center margin-top-none margin-bottom-half has-custom-size\" style=\"font-size:40px\">4 chambres<\/p>\n\n\n\n<hr class=\"wp-block-separator has-css-opacity is-style-wide margin-top-half\"\/>\n<\/div>\n\n\n\n<div class=\"wp-block-column is-layout-flow wp-block-column-is-layout-flow\">\n<hr class=\"wp-block-separator has-css-opacity is-style-wide\"\/>\n\n\n\n<p class=\"has-text-align-center margin-bottom-none has-normal-font-size\"><strong>Surface<\/strong><\/p>\n\n\n\n<p class=\"has-text-align-center margin-top-none margin-bottom-half has-custom-size\" style=\"font-size:40px\">100 m<sup>2<\/sup><\/p>\n\n\n\n<hr class=\"wp-block-separator has-css-opacity is-style-wide margin-top-half\"\/>\n<\/div>\n<\/div>\n\n\n\n<div style=\"height:32px\" aria-hidden=\"true\" class=\"wp-block-spacer\"><\/div>\n<\/div><\/div>\n<\/div><\/div>\n\n\n\n<div class=\"wp-block-group alignfull has-text-color has-background\" style=\"color:#f2f2f2;background-color:#242527\"><div class=\"wp-block-group__inner-container is-layout-flow wp-block-group-is-layout-flow\">\n<h2 class=\"wp-block-heading has-text-align-center\">Le Gite<\/h2>\n\n\n\n<div style=\"height:50px\" aria-hidden=\"true\" class=\"wp-block-spacer\"><\/div>\n\n\n\n<div class=\"wp-block-columns alignwide is-layout-flex wp-container-core-columns-is-layout-9d6595d7 wp-block-columns-is-layout-flex\">\n<div class=\"wp-block-column is-layout-flow wp-block-column-is-layout-flow\" style=\"flex-basis:33.33%\">\n<div class=\"wp-block-columns is-layout-flex wp-container-core-columns-is-layout-9d6595d7 wp-block-columns-is-layout-flex\">\n<div class=\"wp-block-column is-layout-flow wp-block-column-is-layout-flow\" style=\"flex-basis:100%\">\n<h3 class=\"wp-block-heading\">Disposition<\/h3>\n<\/div>\n<\/div>\n\n\n\n<p><\/p>\n<\/div>\n\n\n\n<div class=\"wp-block-column is-layout-flow wp-block-column-is-layout-flow\" style=\"flex-basis:66.66%\">\n<ul class=\"wp-block-list\">\n<li>En rez de jardin<\/li>\n\n\n\n<li>Grande pi\u00e8ce \u00e0 vivre de 40m\u00b2 orient\u00e9e sud<\/li>\n\n\n\n<li>Cuisine<\/li>\n\n\n\n<li>Salle de bain<\/li>\n\n\n\n<li>WC s\u00e9par\u00e9<\/li>\n\n\n\n<li>A l&rsquo;\u00e9tage: quatre chambres et un WC<\/li>\n<\/ul>\n<\/div>\n<\/div>\n\n\n\n<div class=\"wp-block-columns alignwide is-layout-flex wp-container-core-columns-is-layout-9d6595d7 wp-block-columns-is-layout-flex\">\n<div class=\"wp-block-column is-layout-flow wp-block-column-is-layout-flow\" style=\"flex-basis:33.33%\">\n<h3 class=\"wp-block-heading\">\u00c9quipements<\/h3>\n\n\n\n<p><\/p>\n<\/div>\n\n\n\n<div class=\"wp-block-column is-layout-flow wp-block-column-is-layout-flow\" style=\"flex-basis:66.66%\">\n<ul class=\"wp-block-list\">\n<li>T\u00e9l\u00e9vision, internet<\/li>\n\n\n\n<li>Frigo, four, four micro ondes, lave vaisselle, petit barbecue \u00e9lectrique<\/li>\n\n\n\n<li>Chaise enfant<\/li>\n\n\n\n<li>Jeux de soci\u00e9t\u00e9, livres et Bd<\/li>\n\n\n\n<li>Salon de jardin<\/li>\n\n\n\n<li>Jardin clos et parking priv\u00e9<\/li>\n<\/ul>\n<\/div>\n<\/div>\n\n\n\n<div class=\"wp-block-columns alignwide is-layout-flex wp-container-core-columns-is-layout-9d6595d7 wp-block-columns-is-layout-flex\">\n<div class=\"wp-block-column is-layout-flow wp-block-column-is-layout-flow\" style=\"flex-basis:33.33%\">\n<h3 class=\"wp-block-heading\">R\u00e8gles<\/h3>\n\n\n\n<p><\/p>\n<\/div>\n\n\n\n<div class=\"wp-block-column is-layout-flow wp-block-column-is-layout-flow\" style=\"flex-basis:66.66%\">\n<ul class=\"wp-block-list\">\n<li>Le linge de lit et de toilette ne sont pas fournis.<\/li>\n\n\n\n<li>Le m\u00e9nage doit \u00eatre effectu\u00e9 par vos soins.<\/li>\n\n\n\n<li>Les animaux sont accept\u00e9s.<\/li>\n\n\n\n<li>Maison non-fumeur.<\/li>\n\n\n\n<li>Heure d\u2019arriv\u00e9e :&nbsp;\u00e0 partir de 15:00<\/li>\n\n\n\n<li>Heure de d\u00e9part :&nbsp;fin de matin\u00e9e<\/li>\n<\/ul>\n<\/div>\n<\/div>\n\n\n\n<div class=\"wp-block-columns alignwide is-layout-flex wp-container-core-columns-is-layout-9d6595d7 wp-block-columns-is-layout-flex\" id=\"tarifs\">\n<div class=\"wp-block-column is-layout-flow wp-block-column-is-layout-flow\" style=\"flex-basis:33.33%\">\n<h3 class=\"wp-block-heading\">Tarifs<\/h3>\n\n\n\n<p><\/p>\n<\/div>\n\n\n\n<div class=\"wp-block-column is-layout-flow wp-block-column-is-layout-flow\" style=\"flex-basis:66.66%\">\n<p>Tarif : de 110 \u20ac \u00e0 150\u20ac la nuit (minimum 3 nuits)<\/p>\n<\/div>\n<\/div>\n\n\n\n<div class=\"wp-block-columns alignwide is-layout-flex wp-container-core-columns-is-layout-9d6595d7 wp-block-columns-is-layout-flex\">\n<div class=\"wp-block-column is-layout-flow wp-block-column-is-layout-flow\" style=\"flex-basis:33.33%\">\n<h3 class=\"wp-block-heading\">Disponibilit\u00e9s<\/h3>\n\n\n\n<p><\/p>\n<\/div>\n\n\n\n<div class=\"wp-block-column is-layout-flow wp-block-column-is-layout-flow\" style=\"flex-basis:66.66%\">\n<p>Me contacter pour les disponibilit\u00e9s<\/p>\n<\/div>\n<\/div>\n<\/div><\/div>\n\n\n\n<div class=\"wp-block-group alignfull has-gray-background-color has-text-color has-background\" id=\"transports\" style=\"color:#f2f2f2\"><div class=\"wp-block-group__inner-container is-layout-flow wp-block-group-is-layout-flow\">\n<h2 class=\"wp-block-heading has-text-align-center\">Transports<\/h2>\n\n\n\n<div class=\"wp-block-columns alignwide is-layout-flex wp-container-core-columns-is-layout-9d6595d7 wp-block-columns-is-layout-flex\">\n<div class=\"wp-block-column is-layout-flow wp-block-column-is-layout-flow\" style=\"flex-basis:33.33%\">\n<h3 class=\"wp-block-heading\">Train<\/h3>\n\n\n\n<p><\/p>\n<\/div>\n\n\n\n<div class=\"wp-block-column is-layout-flow wp-block-column-is-layout-flow\" style=\"flex-basis:66.66%\">\n<p>Gares les plus proches:<\/p>\n\n\n\n<ul class=\"wp-block-list\">\n<li>Avranches (11km)<\/li>\n\n\n\n<li>Granville (23km, direct depuis Paris)<\/li>\n\n\n\n<li>Rennes (90km)<\/li>\n<\/ul>\n<\/div>\n<\/div>\n\n\n\n<div class=\"wp-block-columns alignwide is-layout-flex wp-container-core-columns-is-layout-9d6595d7 wp-block-columns-is-layout-flex\">\n<div class=\"wp-block-column is-layout-flow wp-block-column-is-layout-flow\" style=\"flex-basis:33.33%\">\n<h3 class=\"wp-block-heading\">Bus<\/h3>\n\n\n\n<p><\/p>\n<\/div>\n\n\n\n<div class=\"wp-block-column is-layout-flow wp-block-column-is-layout-flow\" style=\"flex-basis:66.66%\">\n<p>Bus 308 Granville &#8211; Mont Saint Michel via Avranches<br>(arr\u00eat \u00ab\u00a0GENETS &#8211; La poste\u00a0\u00bb)<\/p>\n<\/div>\n<\/div>\n\n\n\n<div class=\"wp-block-columns alignwide is-layout-flex wp-container-core-columns-is-layout-9d6595d7 wp-block-columns-is-layout-flex\">\n<div class=\"wp-block-column is-layout-flow wp-block-column-is-layout-flow\" style=\"flex-basis:33.33%\">\n<h3 class=\"wp-block-heading\">Infos transports<\/h3>\n\n\n\n<p><\/p>\n<\/div>\n\n\n\n<div class=\"wp-block-column is-layout-flow wp-block-column-is-layout-flow\" style=\"flex-basis:66.66%\">\n<ul class=\"wp-block-list\">\n<li>Infos\/itin\u00e9raires: <a href=\"https:\/\/atoumod.fr\/\" data-type=\"URL\" data-id=\"https:\/\/atoumod.fr\/\" target=\"_blank\" rel=\"noreferrer noopener\">Atoumod.fr<\/a> ou <a href=\"https:\/\/nomad.normandie.fr\/itineraire\">nomad.normandie.fr\/itineraire<\/a><\/li>\n\n\n\n<li>Plans: <a href=\"https:\/\/nomad.normandie.fr\/les-plans-du-reseau-nomad\" data-type=\"URL\" data-id=\"https:\/\/www.normandie.fr\/sites\/default\/files\/2022-08\/Plan%20du%20r%C3%A9seau%20NOMAD%20dans%20la%20Manche%20%2850%29.pdf\" target=\"_blank\" rel=\"noreferrer noopener\">https:\/\/nomad.normandie.fr\/les-plans-du-reseau-nomad<\/a><\/li>\n\n\n\n<li>Horaires: <a href=\"https:\/\/nomad.normandie.fr\/lignes-de-cars\/ligne-308\" data-type=\"URL\" data-id=\"https:\/\/www.normandie.fr\/manche-lignes-regulieres-et-estivales\" target=\"_blank\" rel=\"noreferrer noopener\">https:\/\/nomad.normandie.fr\/lignes-de-cars\/ligne-308<\/a><\/li>\n<\/ul>\n<\/div>\n<\/div>\n<\/div><\/div>\n\n\n\n<div class=\"wp-block-cover alignfull\"><span aria-hidden=\"true\" class=\"wp-block-cover__background has-background-dim-40 has-background-dim\" style=\"background-color:#35845d\"><\/span><div class=\"wp-block-cover__inner-container is-layout-flow wp-block-cover-is-layout-flow\">\n<h2 class=\"wp-block-heading has-text-align-center\" id=\"activites_touristiques\">Activit\u00e9s touristiques<\/h2>\n\n\n\n<div style=\"height:50px\" aria-hidden=\"true\" class=\"wp-block-spacer\"><\/div>\n\n\n\n<div class=\"wp-block-group\"><div class=\"wp-block-group__inner-container is-layout-flow wp-block-group-is-layout-flow\">\n<div class=\"wp-block-columns is-layout-flex wp-container-core-columns-is-layout-9d6595d7 wp-block-columns-is-layout-flex\">\n<div class=\"wp-block-column is-layout-flow wp-block-column-is-layout-flow\" style=\"flex-basis:100%\">\n<div class=\"wp-block-columns is-layout-flex wp-container-core-columns-is-layout-9d6595d7 wp-block-columns-is-layout-flex\">\n<div class=\"wp-block-column is-layout-flow wp-block-column-is-layout-flow\" style=\"flex-basis:40%\">\n<h3 class=\"wp-block-heading\">Sur place<\/h3>\n<\/div>\n\n\n\n<div class=\"wp-block-column is-layout-flow wp-block-column-is-layout-flow\">\n<p>Travers\u00e9e \u00e0 pied et \u00e0 cheval de la baie du Mont Saint Michel, sentier littoral, &#8230;<\/p>\n\n\n\n<p>Pour les amoureux de la nature et de balades, nombreux chemins et sentiers de randonn\u00e9es: GR 223 de Granville au Mont Saint Michel (Falaises de Champeaux), sentiers douaniers.<\/p>\n<\/div>\n<\/div>\n\n\n\n<div class=\"wp-block-columns is-layout-flex wp-container-core-columns-is-layout-9d6595d7 wp-block-columns-is-layout-flex\">\n<div class=\"wp-block-column is-layout-flow wp-block-column-is-layout-flow\" style=\"flex-basis:40%\">\n<h3 class=\"wp-block-heading\">A proximit\u00e9<\/h3>\n<\/div>\n\n\n\n<div class=\"wp-block-column is-layout-flow wp-block-column-is-layout-flow\">\n<ul class=\"wp-block-list\">\n<li>Plage \u00e0 4 kms<\/li>\n\n\n\n<li>Promenades \u00e0 cheval<\/li>\n\n\n\n<li>Centre aquatique (Avranches)<\/li>\n\n\n\n<li>Activit\u00e9s nautiques \u00e0 Jullouville et Granville\n<ul class=\"wp-block-list\">\n<li>voile<\/li>\n\n\n\n<li>kayak<\/li>\n\n\n\n<li>paddle<\/li>\n\n\n\n<li>char \u00e0 voile<\/li>\n\n\n\n<li>&#8230;<\/li>\n<\/ul>\n<\/li>\n<\/ul>\n<\/div>\n<\/div>\n\n\n\n<div class=\"wp-block-columns is-layout-flex wp-container-core-columns-is-layout-9d6595d7 wp-block-columns-is-layout-flex\">\n<div class=\"wp-block-column is-layout-flow wp-block-column-is-layout-flow\" style=\"flex-basis:40%\">\n<h3 class=\"wp-block-heading\">Villes \u00e0 proximit\u00e9<\/h3>\n<\/div>\n\n\n\n<div class=\"wp-block-column is-layout-flow wp-block-column-is-layout-flow\">\n<ul class=\"wp-block-list\">\n<li>Avranches \u00e0 12 kms :\n<ul class=\"wp-block-list\">\n<li>scriptorial du Mont Saint Michel<\/li>\n\n\n\n<li>vieille ville<\/li>\n<\/ul>\n<\/li>\n\n\n\n<li>Granville \u00e0 22 kms :\n<ul class=\"wp-block-list\">\n<li>jolie cit\u00e9 corsaire<\/li>\n\n\n\n<li>d\u00e9part pour les \u00eeles Chausey<\/li>\n<\/ul>\n<\/li>\n\n\n\n<li>Le Mont St Michel \u00e0 30 kms par la route<\/li>\n\n\n\n<li>St Malo \u00e0 80 kms<\/li>\n\n\n\n<li>Caen et les plages du d\u00e9barquement \u00e0 100 kms<\/li>\n<\/ul>\n<\/div>\n<\/div>\n<\/div>\n<\/div>\n<\/div><\/div>\n\n\n\n<p><\/p>\n<\/div><\/div>\n\n\n\n<div class=\"wp-block-group alignfull has-background-background-color has-background\"><div class=\"wp-block-group__inner-container is-layout-flow wp-block-group-is-layout-flow\">\n<div style=\"height:64px\" aria-hidden=\"true\" class=\"wp-block-spacer\"><\/div>\n\n\n\n<div style=\"height:32px\" aria-hidden=\"true\" class=\"wp-block-spacer\"><\/div>\n\n\n\n<div class=\"wp-block-columns alignwide is-layout-flex wp-container-core-columns-is-layout-9d6595d7 wp-block-columns-is-layout-flex\">\n<div class=\"wp-block-column is-layout-flow wp-block-column-is-layout-flow\">\n<h2 class=\"wp-block-heading has-text-align-left\" id=\"contact\">Contact<\/h2>\n\n\n\n<p>Pour r\u00e9server, merci de bien vouloir nous indiquer les dates auxquelles vous souhaitez venir.<\/p>\n\n\n\n<p><a href=\"mailto:contact@gitemontsaintmichel.fr\">contact@gitemontsaintmichel.fr<\/a><\/p>\n<\/div>\n<\/div>\n<\/div><\/div>\n","protected":false},"excerpt":{"rendered":"<p>Maison pour 8 personnes au coeur de la Baie du Mont Saint Michel Maison de 100 m\u00b2, situ\u00e9e au c\u0153ur de Gen\u00eats, lieu de d\u00e9part de la travers\u00e9e \u00e0 pied vers le Mont Saint Michel. Boulangerie et \u00e9picerie \u00e0 200m, plage \u00e0 4 km, offre vari\u00e9e d&rsquo;activit\u00e9s en famille ou entre amis: balade en baie,&hellip; <a class=\"more-link\" href=\"https:\/\/gitemontsaintmichel.fr\/\">Poursuivre la lecture <span class=\"screen-reader-text\">Accueil<\/span><\/a><\/p>\n","protected":false},"author":1,"featured_media":0,"parent":0,"menu_order":0,"comment_status":"closed","ping_status":"closed","template":"","meta":{"footnotes":""},"class_list":["post-32","page","type-page","status-publish","hentry","entry"],"_links":{"self":[{"href":"https:\/\/gitemontsaintmichel.fr\/index.php?rest_route=\/wp\/v2\/pages\/32","targetHints":{"allow":["GET"]}}],"collection":[{"href":"https:\/\/gitemontsaintmichel.fr\/index.php?rest_route=\/wp\/v2\/pages"}],"about":[{"href":"https:\/\/gitemontsaintmichel.fr\/index.php?rest_route=\/wp\/v2\/types\/page"}],"author":[{"embeddable":true,"href":"https:\/\/gitemontsaintmichel.fr\/index.php?rest_route=\/wp\/v2\/users\/1"}],"replies":[{"embeddable":true,"href":"https:\/\/gitemontsaintmichel.fr\/index.php?rest_route=%2Fwp%2Fv2%2Fcomments&post=32"}],"version-history":[{"count":70,"href":"https:\/\/gitemontsaintmichel.fr\/index.php?rest_route=\/wp\/v2\/pages\/32\/revisions"}],"predecessor-version":[{"id":4913,"href":"https:\/\/gitemontsaintmichel.fr\/index.php?rest_route=\/wp\/v2\/pages\/32\/revisions\/4913"}],"wp:attachment":[{"href":"https:\/\/gitemontsaintmichel.fr\/index.php?rest_route=%2Fwp%2Fv2%2Fmedia&parent=32"}],"curies":[{"name":"wp","href":"https:\/\/api.w.org\/{rel}","templated":true}]}}